{"id":275,"date":"2017-01-16T18:04:32","date_gmt":"2017-01-16T17:04:32","guid":{"rendered":"http:\/\/www.lempreintedesoi.be\/accueil\/?page_id=275"},"modified":"2018-12-28T16:34:33","modified_gmt":"2018-12-28T15:34:33","slug":"formations-conference","status":"publish","type":"page","link":"http:\/\/www.lempreintedesoi.be\/accueil\/formations-conference\/","title":{"rendered":"Formations \/ Ateliers"},"content":{"rendered":"<p>Le monde de la sant\u00e9 et du bien-\u00eatre vous int\u00e9resse mais <strong>vous ne d\u00e9sirez pas vous engager dans des formations de longue dur\u00e9e<\/strong>\u00a0?<\/p>\n<p>Envie de passer un <strong>moment de partage dans la convivialit\u00e9<\/strong>\u00a0?<\/p>\n<p>Je vous invite \u00e0 consulter l\u2019<strong>agenda ci-dessous<\/strong>.<\/p>\n<p>Toutes les formations se font en petit groupe, notes et pauses gourmandes comprises.<\/p>\n<h4><span style=\"font-family: sans-serif;\">Aromath\u00e9rapie<\/span><\/h4>\n<p><img loading=\"lazy\" class=\"wp-image-293 size-medium aligncenter\" src=\"http:\/\/www.lempreintedesoi.be\/wp-content\/uploads\/2017\/01\/he-300x197.jpg\" width=\"300\" height=\"197\" srcset=\"http:\/\/www.lempreintedesoi.be\/wp-content\/uploads\/2017\/01\/he-300x197.jpg 300w, http:\/\/www.lempreintedesoi.be\/wp-content\/uploads\/2017\/01\/he.jpg 351w\" sizes=\"(max-width: 300px) 100vw, 300px\" \/><\/p>\n<h5><span style=\"font-family: sans-serif;\">Initiation \u00e0 l\u2019Aromath\u00e9rapie familiale et scientifique<br \/>\n<\/span><\/h5>\n<p>Formation d\u00e9di\u00e9e aux personnes qui font leurs premiers pas avec les huiles essentielles et\/ou celles qui les utilisent d\u00e9j\u00e0 mais d\u00e9sirent apporter une vision scientifique \u00e0 leur usage.<br \/>\nVous apprendrez \u00e0 les int\u00e9grer et les utiliser dans votre quotidien avec pr\u00e9caution, parcimonie et efficacit\u00e9.<\/p>\n<table style=\"width: 50%;\">\n<tbody>\n<tr>\n<td><strong>Sessions \u00e0 venir<\/strong><\/td>\n<td><\/td>\n<\/tr>\n<\/tbody>\n<\/table>\n<p><span style=\"color: #ff0000;\"><strong><u>Info<\/u>\u00a0<\/strong><\/span>: pour les formations en aromath\u00e9rapie, seules les personnes ayant suivi le module de base\u00a0\u00ab\u00a0Initiation \u00e0 l\u2019Aromath\u00e9rapie familiale\u00a0\u00bb et\/ou une base similaire pourront acc\u00e9der aux autres modules. Pr\u00e9requis.<\/p>\n<h4><span style=\"font-family: sans-serif;\">Naturopathie<\/span><\/h4>\n<h5><span style=\"font-family: sans-serif;\">Ma Pharmacie au Naturel<br \/>\n<\/span><\/h5>\n<p>Vous vous int\u00e9ressez aux m\u00e9thodes naturelles de Sant\u00e9? Vous aimeriez d\u00e9marrer une pharmacie plus naturelle mais vous ne savez pas par o\u00f9 commencer?<br \/>\nCet atelier est fait pour vous!<br \/>\nVous d\u00e9couvrirez les produits de base \u00e0 avoir dans sa pharmacie au naturel, pour parer \u00e0 toutes les petites tracasseries du quotidien.<br \/>\nTout cela \u00e0 travers diff\u00e9rentes approches: aromath\u00e9rapie, gemmoth\u00e9rapie, phytoth\u00e9rapie, hom\u00e9opathie,&#8230;<\/p>\n<table style=\"width: 50%;\">\n<tbody>\n<tr>\n<td><strong>Sessions \u00e0 venir<\/strong><\/td>\n<td><\/td>\n<\/tr>\n<\/tbody>\n<\/table>\n<h5><span style=\"font-family: sans-serif;\">Les Fleurs de Bach\u00a0: Outil de R\u00e9\u00e9quilibrage \u00c9motionnel<br \/>\n<\/span><\/h5>\n<table style=\"width: 100%;\">\n<tbody>\n<tr>\n<td>Durant cet apr\u00e8s-midi, vous d\u00e9couvrirez le travail du Dr Bach \u00e0 travers son approche holistique de la sant\u00e9.<br \/>\nMagnifique outil de r\u00e9\u00e9quilibrage des \u00e9tats \u00e9motionnels au service de votre sant\u00e9 et bien-\u00eatre.<br \/>\nLes sujets suivants seront abord\u00e9s durant l&rsquo;apr\u00e8s-midi:<\/td>\n<\/tr>\n<\/tbody>\n<\/table>\n<ul>\n<li>Que sont les Fleurs de Bach?<\/li>\n<li>Comment sont-elles pr\u00e9par\u00e9es?<\/li>\n<li>Pourquoi les utiliser?<\/li>\n<li>Comment peut-on les utiliser?<\/li>\n<li>Qui peut les utiliser?<\/li>\n<li>Comment d\u00e9buter?<\/li>\n<\/ul>\n<p><strong>CADEAU<\/strong>: vous repartirez avec votre flacon compos\u00e9 de quelques fleurs refl\u00e9tant votre \u00e9tat \u00e9motionnel du moment..<img loading=\"lazy\" class=\"aligncenter size-full wp-image-471\" src=\"http:\/\/www.lempreintedesoi.be\/wp-content\/uploads\/2018\/04\/Fleurs_Bach.png\" alt=\"\" width=\"410\" height=\"262\" srcset=\"http:\/\/www.lempreintedesoi.be\/wp-content\/uploads\/2018\/04\/Fleurs_Bach.png 410w, http:\/\/www.lempreintedesoi.be\/wp-content\/uploads\/2018\/04\/Fleurs_Bach-300x192.png 300w\" sizes=\"(max-width: 410px) 100vw, 410px\" \/><\/p>\n<table style=\"width: 50%;\">\n<tbody>\n<tr>\n<td><strong>Sessions \u00e0 Venir<\/strong><\/td>\n<\/tr>\n<\/tbody>\n<\/table>\n<h5><span style=\"font-family: sans-serif;\">Sp\u00e9cial Hiver: Je booste mon immunit\u00e9<\/span><\/h5>\n<p>Vous permettre de passer l\u2019hiver en sant\u00e9 tel est l\u2019objectif de cet atelier !<br \/>\nAvant tout, il faut vous pr\u00e9parer. Travailler votre immunit\u00e9 et maintenir votre sant\u00e9 en \u00e9quilibre.<br \/>\nComment faire ? Nous explorerons les diff\u00e9rentes pistes ensemble.<br \/>\nNombreux sont les rem\u00e8des envisageables.<\/p>\n<table style=\"width: 50%;\">\n<tbody>\n<tr>\n<td><strong>Sessions \u00e0 venir<\/strong><\/td>\n<\/tr>\n<\/tbody>\n<\/table>\n<h5><span style=\"font-family: sans-serif;\">Sp\u00e9cial Printemps : Mon \u00c9nergie, Ma Vitalit\u00e9<\/span><\/h5>\n<p>Le printemps signe de renouveau pour la nature ainsi que pour notre corps&#8230;<br \/>\nApr\u00e8s avoir encha\u00een\u00e9s les repas festifs, les soir\u00e9es au coin du feu en famille et entre amis. Le froid vous a incit\u00e9 \u00e0 avoir une alimentation plus riche ainsi que des activit\u00e9s physiques ralenties.<br \/>\nTeint brouill\u00e9, fatigue persistante, du mal \u00e0 se mettre en route&#8230; il est temps de faire une petite cure de printemps!<br \/>\nNous d\u00e9couvrirons ensemble diff\u00e9rentes actions \u00e0 mettre en place afin de relancer l&rsquo;organisme et vous aider \u00e0 retrouver votre <strong>VITALIT\u00c9<\/strong> !<\/p>\n<table style=\"width: 50%;\">\n<tbody>\n<tr>\n<td><strong>Sessions \u00e0 venir<\/strong><\/td>\n<\/tr>\n<\/tbody>\n<\/table>\n<h5><span style=\"font-family: sans-serif;\">Une grossesse \u00e7a se pr\u00e9pare \u00e0 deux (avant, pendant et apr\u00e8s) !<\/span><\/h5>\n<table style=\"width: 50%;\">\n<tbody>\n<tr>\n<td><strong>Sessions \u00e0 venir<\/strong><\/td>\n<\/tr>\n<\/tbody>\n<\/table>\n<hr \/>\n<h4><span style=\"font-family: sans-serif;\">Ateliers \u00e0 domicile<\/span><\/h4>\n<p><strong>Envie de passer une soir\u00e9e<\/strong> autour du th\u00e8me de la sant\u00e9 ou du bien-\u00eatre <strong>sans vous d\u00e9placer<\/strong>, c\u2019est possible\u00a0!<\/p>\n<p>Si vous <strong>former un groupe de 6 personnes minimum<\/strong>, je me d\u00e9place \u00e0 votre domicile (dans un p\u00e9rim\u00e8tre de max 40km).<\/p>\n<p>Vous ne trouvez pas votre bonheur parmi les th\u00e8mes ci-dessus, pas de probl\u00e8me <strong>nous d\u00e9finirons un th\u00e8me ensemble<\/strong>\u00a0!<\/p>\n<p>Chaque <strong>th\u00e9matique <\/strong>peut \u00eatre <strong>adapt\u00e9e en fonction du temps dont vous disposez<\/strong>.<\/p>\n<p>N\u2019h\u00e9sitez pas \u00e0 me contacter pour plus d\u2019informations\u00a0: <a href=\"mailto:vincianne@lempreintedesoi.be\">vincianne@lempreintedesoi.be<\/a><\/p>\n","protected":false},"excerpt":{"rendered":"<p>Le monde de la sant\u00e9 et du bien-\u00eatre vous int\u00e9resse mais vous ne d\u00e9sirez pas vous engager dans des formations de longue dur\u00e9e\u00a0? Envie de passer un moment de partage dans la convivialit\u00e9\u00a0? Je vous invite \u00e0 consulter l\u2019agenda ci-dessous. Toutes les formations se font en petit groupe, notes et pauses gourmandes comprises. Aromath\u00e9rapie Initiation [&hellip;]<\/p>\n","protected":false},"author":1,"featured_media":0,"parent":0,"menu_order":0,"comment_status":"closed","ping_status":"closed","template":"","meta":{"spay_email":""},"jetpack_sharing_enabled":true,"jetpack_shortlink":"https:\/\/wp.me\/P65qBv-4r","_links":{"self":[{"href":"http:\/\/www.lempreintedesoi.be\/accueil\/wp-json\/wp\/v2\/pages\/275"}],"collection":[{"href":"http:\/\/www.lempreintedesoi.be\/accueil\/wp-json\/wp\/v2\/pages"}],"about":[{"href":"http:\/\/www.lempreintedesoi.be\/accueil\/wp-json\/wp\/v2\/types\/page"}],"author":[{"embeddable":true,"href":"http:\/\/www.lempreintedesoi.be\/accueil\/wp-json\/wp\/v2\/users\/1"}],"replies":[{"embeddable":true,"href":"http:\/\/www.lempreintedesoi.be\/accueil\/wp-json\/wp\/v2\/comments?post=275"}],"version-history":[{"count":52,"href":"http:\/\/www.lempreintedesoi.be\/accueil\/wp-json\/wp\/v2\/pages\/275\/revisions"}],"predecessor-version":[{"id":530,"href":"http:\/\/www.lempreintedesoi.be\/accueil\/wp-json\/wp\/v2\/pages\/275\/revisions\/530"}],"wp:attachment":[{"href":"http:\/\/www.lempreintedesoi.be\/accueil\/wp-json\/wp\/v2\/media?parent=275"}],"curies":[{"name":"wp","href":"https:\/\/api.w.org\/{rel}","templated":true}]}}